{"id":23,"date":"2016-11-14T10:07:32","date_gmt":"2016-11-14T09:07:32","guid":{"rendered":"http:\/\/www.kiefer-lerch.de\/?page_id=23"},"modified":"2024-04-21T11:09:33","modified_gmt":"2024-04-21T09:09:33","slug":"pastelle-gemaelde","status":"publish","type":"page","link":"https:\/\/www.kiefer-lerch.de\/en\/pastelle-gemaelde\/","title":{"rendered":"Painting"},"content":{"rendered":"<p>Here you will find a small selection of works by G\u00fcnter Kiefer Lerch (Benno)<\/p>\n<p>If you have a request for a picture, please contact: kontakt@kiefer-lerch.de<\/p>\n<table border=\"0\">\n<tbody>\n<tr>\n<td style=\"width: 50%;\"><img decoding=\"async\" loading=\"lazy\" class=\"alignnone wp-image-70\" src=\"http:\/\/www.kiefer-lerch.de\/wp-content\/uploads\/2016\/11\/1-G\u00fcnter-Kiefer-Lerch-1024x720.jpg\" alt=\"1-guenter-kiefer-lerch\" width=\"500\" height=\"351\" srcset=\"https:\/\/www.kiefer-lerch.de\/wp-content\/uploads\/2016\/11\/1-G\u00fcnter-Kiefer-Lerch-1024x720.jpg 1024w, https:\/\/www.kiefer-lerch.de\/wp-content\/uploads\/2016\/11\/1-G\u00fcnter-Kiefer-Lerch-300x211.jpg 300w, https:\/\/www.kiefer-lerch.de\/wp-content\/uploads\/2016\/11\/1-G\u00fcnter-Kiefer-Lerch-768x540.jpg 768w\" sizes=\"(max-width: 500px) 100vw, 500px\" \/><\/td>\n<td style=\"width: 457.2px;\">Titel: Winterlandschaft<\/p>\n<p>Gr\u00f6\u00dfe: 50 x 70 cm<\/p>\n<p>Art: Pastell &#8211; signiert<\/p>\n<p>Jahr: 2003<\/p>\n<p>Maler: G\u00fcnter Kiefer Lerch<\/td>\n<\/tr>\n<tr>\n<td style=\"width: 10px;\"><img decoding=\"async\" loading=\"lazy\" class=\"alignnone wp-image-150\" src=\"http:\/\/www.kiefer-lerch.de\/wp-content\/uploads\/2016\/11\/80-G\u00fcnter-Kiefer-Lerch-1024x895.jpg\" alt=\"80-guenter-kiefer-lerch\" width=\"500\" height=\"437\" srcset=\"https:\/\/www.kiefer-lerch.de\/wp-content\/uploads\/2016\/11\/80-G\u00fcnter-Kiefer-Lerch-1024x895.jpg 1024w, https:\/\/www.kiefer-lerch.de\/wp-content\/uploads\/2016\/11\/80-G\u00fcnter-Kiefer-Lerch-300x262.jpg 300w, https:\/\/www.kiefer-lerch.de\/wp-content\/uploads\/2016\/11\/80-G\u00fcnter-Kiefer-Lerch-768x672.jpg 768w, https:\/\/www.kiefer-lerch.de\/wp-content\/uploads\/2016\/11\/80-G\u00fcnter-Kiefer-Lerch.jpg 2032w\" sizes=\"(max-width: 500px) 100vw, 500px\" \/><\/td>\n<td style=\"width: 457.2px;\">Titel: Adam + Eva<\/p>\n<p>Gr\u00f6\u00dfe: 37 x 45 cm<\/p>\n<p>Art: Pastell &#8211; signiert<\/p>\n<p>Jahr: 2005<\/p>\n<p>Maler: G\u00fcnter Kiefer Lerch<\/td>\n<\/tr>\n<tr>\n<td style=\"width: 10px;\"><img decoding=\"async\" loading=\"lazy\" class=\"alignnone wp-image-72\" src=\"http:\/\/www.kiefer-lerch.de\/wp-content\/uploads\/2016\/11\/2-G\u00fcnter-Kiefer-Lerch-1024x723.jpg\" alt=\"2-guenter-kiefer-lerch\" width=\"500\" height=\"353\" srcset=\"https:\/\/www.kiefer-lerch.de\/wp-content\/uploads\/2016\/11\/2-G\u00fcnter-Kiefer-Lerch-1024x723.jpg 1024w, https:\/\/www.kiefer-lerch.de\/wp-content\/uploads\/2016\/11\/2-G\u00fcnter-Kiefer-Lerch-300x212.jpg 300w, https:\/\/www.kiefer-lerch.de\/wp-content\/uploads\/2016\/11\/2-G\u00fcnter-Kiefer-Lerch-768x542.jpg 768w\" sizes=\"(max-width: 500px) 100vw, 500px\" \/><\/td>\n<td style=\"width: 457.2px;\">Titel: Farbiger Baumstamm<\/p>\n<p>Gr\u00f6\u00dfe: 50 x 70 cm<\/p>\n<p>Art: Pastell &#8211; signiert<\/p>\n<p>Jahr: 2009<\/p>\n<p>Maler:\u00a0G\u00fcnter Kiefer Lerch<\/td>\n<\/tr>\n<tr>\n<td style=\"width: 10px;\"><img decoding=\"async\" loading=\"lazy\" class=\"alignnone wp-image-74\" src=\"http:\/\/www.kiefer-lerch.de\/wp-content\/uploads\/2016\/11\/3-G\u00fcnter-Kiefer-Lerch-1024x729.jpg\" alt=\"3-guenter-kiefer-lerch\" width=\"500\" height=\"356\" srcset=\"https:\/\/www.kiefer-lerch.de\/wp-content\/uploads\/2016\/11\/3-G\u00fcnter-Kiefer-Lerch-1024x729.jpg 1024w, https:\/\/www.kiefer-lerch.de\/wp-content\/uploads\/2016\/11\/3-G\u00fcnter-Kiefer-Lerch-300x214.jpg 300w, https:\/\/www.kiefer-lerch.de\/wp-content\/uploads\/2016\/11\/3-G\u00fcnter-Kiefer-Lerch-768x547.jpg 768w\" sizes=\"(max-width: 500px) 100vw, 500px\" \/><\/td>\n<td style=\"width: 457.2px;\">\u00a0Titel: Gr\u00fcne H\u00fcgellandschaft<\/p>\n<p>Gr\u00f6\u00dfe: 50 x 70 cm<\/p>\n<p>Art: Pastell &#8211; signiert<\/p>\n<p>Jahr: 2009<\/p>\n<p>Maler: G\u00fcnter Kiefer Lerch<\/td>\n<\/tr>\n<tr>\n<td style=\"width: 10px;\"><img decoding=\"async\" loading=\"lazy\" class=\"alignnone wp-image-76\" src=\"http:\/\/www.kiefer-lerch.de\/wp-content\/uploads\/2016\/11\/4-G\u00fcnter-Kiefer-Lerch-1024x730.jpg\" alt=\"4-guenter-kiefer-lerch\" width=\"500\" height=\"356\" srcset=\"https:\/\/www.kiefer-lerch.de\/wp-content\/uploads\/2016\/11\/4-G\u00fcnter-Kiefer-Lerch-1024x730.jpg 1024w, https:\/\/www.kiefer-lerch.de\/wp-content\/uploads\/2016\/11\/4-G\u00fcnter-Kiefer-Lerch-300x214.jpg 300w, https:\/\/www.kiefer-lerch.de\/wp-content\/uploads\/2016\/11\/4-G\u00fcnter-Kiefer-Lerch-768x547.jpg 768w\" sizes=\"(max-width: 500px) 100vw, 500px\" \/><\/td>\n<td style=\"width: 457.2px;\">Titel: Hecht<\/p>\n<p>Gr\u00f6\u00dfe: 51 x 71 cm<\/p>\n<p>Art: Pastell &#8211; signiert<\/p>\n<p>Jahr: 2004<\/p>\n<p>Maler: G\u00fcnter Kiefer Lerch<\/p>\n<p>Anmerkung: Der Maler ist\u00a0bekannt f\u00fcr seine phantasievolle Darstellung von Meereslandschaften. Dies ist eines\u00a0der Werke.<\/td>\n<\/tr>\n<tr>\n<td style=\"width: 10px;\"><img decoding=\"async\" loading=\"lazy\" class=\"alignnone wp-image-78\" src=\"http:\/\/www.kiefer-lerch.de\/wp-content\/uploads\/2016\/11\/5-G\u00fcnter-Kiefer-Lerch-1024x727.jpg\" alt=\"5-guenter-kiefer-lerch\" width=\"500\" height=\"355\" srcset=\"https:\/\/www.kiefer-lerch.de\/wp-content\/uploads\/2016\/11\/5-G\u00fcnter-Kiefer-Lerch-1024x727.jpg 1024w, https:\/\/www.kiefer-lerch.de\/wp-content\/uploads\/2016\/11\/5-G\u00fcnter-Kiefer-Lerch-300x213.jpg 300w, https:\/\/www.kiefer-lerch.de\/wp-content\/uploads\/2016\/11\/5-G\u00fcnter-Kiefer-Lerch-768x545.jpg 768w\" sizes=\"(max-width: 500px) 100vw, 500px\" \/><\/td>\n<td style=\"width: 457.2px;\">Titel: Zwischen Anklam<\/p>\n<p>Gr\u00f6\u00dfe: 49 x 69 cm<\/p>\n<p>Art: Pastell &#8211; signiert<\/p>\n<p>Jahr: 2000<\/p>\n<p>Maler: G\u00fcnter Kiefer Lerch<\/td>\n<\/tr>\n<tr>\n<td style=\"width: 10px;\"><img decoding=\"async\" loading=\"lazy\" class=\"alignnone wp-image-255\" src=\"http:\/\/www.kiefer-lerch.de\/wp-content\/uploads\/2016\/11\/29-G\u00fcnter-Kiefer-Lerch-1-1024x784.jpg\" alt=\"29-G\u00fcnter-Kiefer-Lerch\" width=\"500\" height=\"383\" srcset=\"https:\/\/www.kiefer-lerch.de\/wp-content\/uploads\/2016\/11\/29-G\u00fcnter-Kiefer-Lerch-1-1024x784.jpg 1024w, https:\/\/www.kiefer-lerch.de\/wp-content\/uploads\/2016\/11\/29-G\u00fcnter-Kiefer-Lerch-1-300x230.jpg 300w, https:\/\/www.kiefer-lerch.de\/wp-content\/uploads\/2016\/11\/29-G\u00fcnter-Kiefer-Lerch-1-768x588.jpg 768w\" sizes=\"(max-width: 500px) 100vw, 500px\" \/><\/td>\n<td style=\"width: 457.2px;\">Titel: Reetdachh\u00e4user Darss<\/p>\n<p>Gr\u00f6\u00dfe:\u00a080 x 61 cm<\/p>\n<p>Art: Pastell &#8211; signiert<\/p>\n<p>Jahr: 1998<\/p>\n<p>Maler: G\u00fcnter Kiefer Lerch<\/p>\n<p>Anmerkung: Eines der Hauptwerke des Malers<\/td>\n<\/tr>\n<tr>\n<td style=\"width: 10px;\"><img decoding=\"async\" loading=\"lazy\" class=\"alignnone wp-image-82\" src=\"http:\/\/www.kiefer-lerch.de\/wp-content\/uploads\/2016\/11\/7-G\u00fcnter-Kiefer-Lerch-1024x729.jpg\" alt=\"7-guenter-kiefer-lerch\" width=\"500\" height=\"356\" srcset=\"https:\/\/www.kiefer-lerch.de\/wp-content\/uploads\/2016\/11\/7-G\u00fcnter-Kiefer-Lerch-1024x729.jpg 1024w, https:\/\/www.kiefer-lerch.de\/wp-content\/uploads\/2016\/11\/7-G\u00fcnter-Kiefer-Lerch-300x214.jpg 300w, https:\/\/www.kiefer-lerch.de\/wp-content\/uploads\/2016\/11\/7-G\u00fcnter-Kiefer-Lerch-768x547.jpg 768w\" sizes=\"(max-width: 500px) 100vw, 500px\" \/><\/td>\n<td style=\"width: 457.2px;\">Titel: Toscana<\/p>\n<p>Gr\u00f6\u00dfe: 50 x 70 cm<\/p>\n<p>Art: Pastell &#8211; signiert<\/p>\n<p>Jahr: 1996<\/p>\n<p>Maler: G\u00fcnter Kiefer Lerch<\/p>\n<p>Anmerkung: Werk von\u00a0einer Reise des Malers durch Italien<\/td>\n<\/tr>\n<tr>\n<td style=\"width: 10px;\"><img decoding=\"async\" loading=\"lazy\" class=\"alignnone wp-image-257\" src=\"http:\/\/www.kiefer-lerch.de\/wp-content\/uploads\/2016\/11\/37-G\u00fcnter-Kiefer-Lerch-1-1024x728.jpg\" alt=\"37-G\u00fcnter-Kiefer-Lerch\" width=\"500\" height=\"355\" srcset=\"https:\/\/www.kiefer-lerch.de\/wp-content\/uploads\/2016\/11\/37-G\u00fcnter-Kiefer-Lerch-1-1024x728.jpg 1024w, https:\/\/www.kiefer-lerch.de\/wp-content\/uploads\/2016\/11\/37-G\u00fcnter-Kiefer-Lerch-1-300x213.jpg 300w, https:\/\/www.kiefer-lerch.de\/wp-content\/uploads\/2016\/11\/37-G\u00fcnter-Kiefer-Lerch-1-768x546.jpg 768w\" sizes=\"(max-width: 500px) 100vw, 500px\" \/><\/td>\n<td style=\"width: 457.2px;\">Titel: Pferdv\u00f6gel<\/p>\n<p>Gr\u00f6\u00dfe: 50 x 70 cm<\/p>\n<p>Art: Pastell &#8211; signiert<\/p>\n<p>Jahr: 2005<\/p>\n<p>Maler: G\u00fcnter Kiefer Lerch<\/td>\n<\/tr>\n<tr>\n<td style=\"width: 10px;\">\u00a0<img decoding=\"async\" loading=\"lazy\" class=\"alignnone wp-image-84\" src=\"http:\/\/www.kiefer-lerch.de\/wp-content\/uploads\/2016\/11\/8-G\u00fcnter-Kiefer-Lerch-1024x726.jpg\" alt=\"8-guenter-kiefer-lerch\" width=\"500\" height=\"354\" srcset=\"https:\/\/www.kiefer-lerch.de\/wp-content\/uploads\/2016\/11\/8-G\u00fcnter-Kiefer-Lerch-1024x726.jpg 1024w, https:\/\/www.kiefer-lerch.de\/wp-content\/uploads\/2016\/11\/8-G\u00fcnter-Kiefer-Lerch-300x213.jpg 300w, https:\/\/www.kiefer-lerch.de\/wp-content\/uploads\/2016\/11\/8-G\u00fcnter-Kiefer-Lerch-768x544.jpg 768w\" sizes=\"(max-width: 500px) 100vw, 500px\" \/><\/td>\n<td style=\"width: 457.2px;\">Titel: Felsenlandschaft am Meer<\/p>\n<p>Gr\u00f6\u00dfe: 50 x 70 cm<\/p>\n<p>Art: Pastell &#8211; signiert<\/p>\n<p>Jahr: 2000<\/p>\n<p>Maler: G\u00fcnter Kiefer Lerch<\/td>\n<\/tr>\n<tr>\n<td style=\"width: 10px;\"><img decoding=\"async\" loading=\"lazy\" class=\"alignnone wp-image-86\" src=\"http:\/\/www.kiefer-lerch.de\/wp-content\/uploads\/2016\/11\/9-G\u00fcnter-Kiefer-Lerch-1024x727.jpg\" alt=\"9-guenter-kiefer-lerch\" width=\"500\" height=\"355\" srcset=\"https:\/\/www.kiefer-lerch.de\/wp-content\/uploads\/2016\/11\/9-G\u00fcnter-Kiefer-Lerch-1024x727.jpg 1024w, https:\/\/www.kiefer-lerch.de\/wp-content\/uploads\/2016\/11\/9-G\u00fcnter-Kiefer-Lerch-300x213.jpg 300w, https:\/\/www.kiefer-lerch.de\/wp-content\/uploads\/2016\/11\/9-G\u00fcnter-Kiefer-Lerch-768x545.jpg 768w\" sizes=\"(max-width: 500px) 100vw, 500px\" \/><\/td>\n<td style=\"width: 457.2px;\">Titel: Lachm\u00f6we<\/p>\n<p>Gr\u00f6\u00dfe: 50 x 70 cm<\/p>\n<p>Art: Pastell &#8211; signiert<\/p>\n<p>Jahr: 2006<\/p>\n<p>Maler: G\u00fcnter Kiefer Lerch<\/p>\n<p>Anmerkung: Der Maler ist\u00a0bekannt f\u00fcr seine phantasievolle Darstellung von Meereslandschaften. Dies ist eines\u00a0der Werke.<\/td>\n<\/tr>\n<tr>\n<td style=\"width: 10px;\"><img decoding=\"async\" loading=\"lazy\" class=\"alignnone wp-image-87\" src=\"http:\/\/www.kiefer-lerch.de\/wp-content\/uploads\/2016\/11\/10-G\u00fcnter-Kiefer-Lerch-1024x726.jpg\" alt=\"10-guenter-kiefer-lerch\" width=\"500\" height=\"354\" srcset=\"https:\/\/www.kiefer-lerch.de\/wp-content\/uploads\/2016\/11\/10-G\u00fcnter-Kiefer-Lerch-1024x726.jpg 1024w, https:\/\/www.kiefer-lerch.de\/wp-content\/uploads\/2016\/11\/10-G\u00fcnter-Kiefer-Lerch-300x213.jpg 300w, https:\/\/www.kiefer-lerch.de\/wp-content\/uploads\/2016\/11\/10-G\u00fcnter-Kiefer-Lerch-768x544.jpg 768w\" sizes=\"(max-width: 500px) 100vw, 500px\" \/><\/td>\n<td style=\"width: 457.2px;\">Titel: Baum mit schwarz wei\u00dfen Zweigen<\/p>\n<p>Gr\u00f6\u00dfe: 50 x 70 cm<\/p>\n<p>Art: Pastell &#8211; signiert<\/p>\n<p>Jahr: unbekannt<\/p>\n<p>Maler: G\u00fcnter Kiefer Lerch<\/td>\n<\/tr>\n<tr>\n<td style=\"width: 10px;\"><img decoding=\"async\" loading=\"lazy\" class=\"alignnone wp-image-88\" src=\"http:\/\/www.kiefer-lerch.de\/wp-content\/uploads\/2016\/11\/11-G\u00fcnter-Kiefer-Lerch-1024x724.jpg\" alt=\"11-guenter-kiefer-lerch\" width=\"500\" height=\"354\" srcset=\"https:\/\/www.kiefer-lerch.de\/wp-content\/uploads\/2016\/11\/11-G\u00fcnter-Kiefer-Lerch-1024x724.jpg 1024w, https:\/\/www.kiefer-lerch.de\/wp-content\/uploads\/2016\/11\/11-G\u00fcnter-Kiefer-Lerch-300x212.jpg 300w, https:\/\/www.kiefer-lerch.de\/wp-content\/uploads\/2016\/11\/11-G\u00fcnter-Kiefer-Lerch-768x543.jpg 768w\" sizes=\"(max-width: 500px) 100vw, 500px\" \/><\/td>\n<td style=\"width: 457.2px;\">Titel: Haus mit B\u00e4umen<\/p>\n<p>Gr\u00f6\u00dfe: 50 x 70 cm<\/p>\n<p>Art: Pastell &#8211; signiert<\/p>\n<p>Jahr: 2002<\/p>\n<p>Maler: G\u00fcnter Kiefer Lerch<\/td>\n<\/tr>\n<tr>\n<td style=\"width: 10px;\"><img decoding=\"async\" loading=\"lazy\" class=\"alignnone wp-image-89\" src=\"http:\/\/www.kiefer-lerch.de\/wp-content\/uploads\/2016\/11\/12-G\u00fcnter-Kiefer-Lerch-1024x726.jpg\" alt=\"12-guenter-kiefer-lerch\" width=\"500\" height=\"354\" srcset=\"https:\/\/www.kiefer-lerch.de\/wp-content\/uploads\/2016\/11\/12-G\u00fcnter-Kiefer-Lerch-1024x726.jpg 1024w, https:\/\/www.kiefer-lerch.de\/wp-content\/uploads\/2016\/11\/12-G\u00fcnter-Kiefer-Lerch-300x213.jpg 300w, https:\/\/www.kiefer-lerch.de\/wp-content\/uploads\/2016\/11\/12-G\u00fcnter-Kiefer-Lerch-768x544.jpg 768w\" sizes=\"(max-width: 500px) 100vw, 500px\" \/><\/td>\n<td style=\"width: 457.2px;\">Titel: Steilk\u00fcste mit Ruine<\/p>\n<p>Gr\u00f6\u00dfe: 50 x 70 cm<\/p>\n<p>Art: Pastell &#8211; singiert<\/p>\n<p>Jahr: 2005<\/p>\n<p>Maler: G\u00fcnter Kiefer Lerch<\/td>\n<\/tr>\n<tr>\n<td style=\"width: 10px;\"><img decoding=\"async\" loading=\"lazy\" class=\"alignnone wp-image-90\" src=\"http:\/\/www.kiefer-lerch.de\/wp-content\/uploads\/2016\/11\/13-G\u00fcnter-Kiefer-Lerch-1024x727.jpg\" alt=\"13-guenter-kiefer-lerch\" width=\"500\" height=\"355\" srcset=\"https:\/\/www.kiefer-lerch.de\/wp-content\/uploads\/2016\/11\/13-G\u00fcnter-Kiefer-Lerch-1024x727.jpg 1024w, https:\/\/www.kiefer-lerch.de\/wp-content\/uploads\/2016\/11\/13-G\u00fcnter-Kiefer-Lerch-300x213.jpg 300w, https:\/\/www.kiefer-lerch.de\/wp-content\/uploads\/2016\/11\/13-G\u00fcnter-Kiefer-Lerch-768x546.jpg 768w\" sizes=\"(max-width: 500px) 100vw, 500px\" \/><\/td>\n<td style=\"width: 457.2px;\">Titel: B\u00e4ume mit V\u00f6geln<\/p>\n<p>Gr\u00f6\u00dfe: 50 x 70 cm<\/p>\n<p>Art: Pastell &#8211; unsigniert<\/p>\n<p>Jahr: unbekannt<\/p>\n<p>Maler: G\u00fcnter Kiefer Lerch<\/td>\n<\/tr>\n<tr>\n<td style=\"width: 10px;\"><span class=\"Apple-tab-span\" style=\"white-space: pre;\"> <img decoding=\"async\" loading=\"lazy\" class=\"alignleft wp-image-91\" src=\"http:\/\/www.kiefer-lerch.de\/wp-content\/uploads\/2016\/11\/14-G\u00fcnter-Kiefer-Lerch-1024x729.jpg\" alt=\"14-guenter-kiefer-lerch\" width=\"500\" height=\"356\" srcset=\"https:\/\/www.kiefer-lerch.de\/wp-content\/uploads\/2016\/11\/14-G\u00fcnter-Kiefer-Lerch-1024x729.jpg 1024w, https:\/\/www.kiefer-lerch.de\/wp-content\/uploads\/2016\/11\/14-G\u00fcnter-Kiefer-Lerch-300x214.jpg 300w, https:\/\/www.kiefer-lerch.de\/wp-content\/uploads\/2016\/11\/14-G\u00fcnter-Kiefer-Lerch-768x547.jpg 768w\" sizes=\"(max-width: 500px) 100vw, 500px\" \/><\/span><\/td>\n<td style=\"width: 457.2px;\">Titel: Weite Landschaft<\/p>\n<p>Gr\u00f6\u00dfe: 50 x 70 cm<\/p>\n<p>Art: Pastell &#8211; signiert<\/p>\n<p>Jahr: 2008<\/p>\n<p>Maler: G\u00fcnter Kiefer Lerch<\/td>\n<\/tr>\n<tr>\n<td style=\"width: 10px;\"><span class=\"Apple-tab-span\" style=\"white-space: pre;\"><img decoding=\"async\" loading=\"lazy\" class=\"alignnone wp-image-92\" src=\"http:\/\/www.kiefer-lerch.de\/wp-content\/uploads\/2016\/11\/15-G\u00fcnter-Kiefer-Lerch-1024x743.jpg\" alt=\"15-guenter-kiefer-lerch\" width=\"500\" height=\"363\" srcset=\"https:\/\/www.kiefer-lerch.de\/wp-content\/uploads\/2016\/11\/15-G\u00fcnter-Kiefer-Lerch-1024x743.jpg 1024w, https:\/\/www.kiefer-lerch.de\/wp-content\/uploads\/2016\/11\/15-G\u00fcnter-Kiefer-Lerch-300x218.jpg 300w, https:\/\/www.kiefer-lerch.de\/wp-content\/uploads\/2016\/11\/15-G\u00fcnter-Kiefer-Lerch-768x557.jpg 768w\" sizes=\"(max-width: 500px) 100vw, 500px\" \/><\/span><\/td>\n<td style=\"width: 457.2px;\">Titel: Niehagen<\/p>\n<p>Gr\u00f6\u00dfe: 60 x 83 cm<\/p>\n<p>Art: Pastell &#8211; signiert<\/p>\n<p>Jahr: 1999<\/p>\n<p>Maler: G\u00fcnter Kiefer Lerch<\/td>\n<\/tr>\n<tr>\n<td style=\"width: 10px;\"><img decoding=\"async\" loading=\"lazy\" class=\"alignnone wp-image-93\" src=\"http:\/\/www.kiefer-lerch.de\/wp-content\/uploads\/2016\/11\/16-G\u00fcnter-Kiefer-Lerch-1024x723.jpg\" alt=\"16-guenter-kiefer-lerch\" width=\"500\" height=\"353\" srcset=\"https:\/\/www.kiefer-lerch.de\/wp-content\/uploads\/2016\/11\/16-G\u00fcnter-Kiefer-Lerch-1024x723.jpg 1024w, https:\/\/www.kiefer-lerch.de\/wp-content\/uploads\/2016\/11\/16-G\u00fcnter-Kiefer-Lerch-300x212.jpg 300w, https:\/\/www.kiefer-lerch.de\/wp-content\/uploads\/2016\/11\/16-G\u00fcnter-Kiefer-Lerch-768x542.jpg 768w\" sizes=\"(max-width: 500px) 100vw, 500px\" \/><\/td>\n<td style=\"width: 457.2px;\">Titel:\u00a0Abstrakt Gr\u00fcn<\/p>\n<p>Gr\u00f6\u00dfe: 61 x 87 cm<\/p>\n<p>Art: Pastell &#8211; signiert<\/p>\n<p>Jahr: 2002<\/p>\n<p>Maler: G\u00fcnter Kiefer Lerch<\/td>\n<\/tr>\n<tr>\n<td style=\"width: 10px;\"><img decoding=\"async\" loading=\"lazy\" class=\"alignnone wp-image-94\" src=\"http:\/\/www.kiefer-lerch.de\/wp-content\/uploads\/2016\/11\/17-G\u00fcnter-Kiefer-Lerch-1024x728.jpg\" alt=\"17-guenter-kiefer-lerch\" width=\"500\" height=\"355\" srcset=\"https:\/\/www.kiefer-lerch.de\/wp-content\/uploads\/2016\/11\/17-G\u00fcnter-Kiefer-Lerch-1024x728.jpg 1024w, https:\/\/www.kiefer-lerch.de\/wp-content\/uploads\/2016\/11\/17-G\u00fcnter-Kiefer-Lerch-300x213.jpg 300w, https:\/\/www.kiefer-lerch.de\/wp-content\/uploads\/2016\/11\/17-G\u00fcnter-Kiefer-Lerch-768x546.jpg 768w\" sizes=\"(max-width: 500px) 100vw, 500px\" \/><\/td>\n<td style=\"width: 457.2px;\">Nr. 17<\/p>\n<p>Titel:\u00a0Abstrakt Rot<\/p>\n<p>Gr\u00f6\u00dfe: 50 x 70 cm<\/p>\n<p>Art: Pastell &#8211; signiert<\/p>\n<p>Jahr: 2008<\/p>\n<p>Maler. G\u00fcnter Kiefer Lerch<\/td>\n<\/tr>\n<tr>\n<td style=\"width: 10px;\"><img decoding=\"async\" loading=\"lazy\" class=\"alignnone wp-image-95\" src=\"http:\/\/www.kiefer-lerch.de\/wp-content\/uploads\/2016\/11\/18-G\u00fcnter-Kiefer-Lerch-1024x730.jpg\" alt=\"18-guenter-kiefer-lerch\" width=\"500\" height=\"356\" srcset=\"https:\/\/www.kiefer-lerch.de\/wp-content\/uploads\/2016\/11\/18-G\u00fcnter-Kiefer-Lerch-1024x730.jpg 1024w, https:\/\/www.kiefer-lerch.de\/wp-content\/uploads\/2016\/11\/18-G\u00fcnter-Kiefer-Lerch-300x214.jpg 300w, https:\/\/www.kiefer-lerch.de\/wp-content\/uploads\/2016\/11\/18-G\u00fcnter-Kiefer-Lerch-768x547.jpg 768w\" sizes=\"(max-width: 500px) 100vw, 500px\" \/><\/td>\n<td style=\"width: 457.2px;\">Titel: Fliegende Lachm\u00f6we<\/p>\n<p>Gr\u00f6\u00dfe: 55 x 76 cm<\/p>\n<p>Art: Pastell -unsigniert<\/p>\n<p>Jahr: unbekannt<\/p>\n<p>Maler: G\u00fcnter Kiefer Lerch<\/p>\n<p>Anmerkung: Der Maler ist\u00a0bekannt f\u00fcr seine phantasievolle Darstellung von Meereslandschaften. Dies ist eines\u00a0der Werke.<\/td>\n<\/tr>\n<tr>\n<td style=\"width: 10px;\"><img decoding=\"async\" loading=\"lazy\" class=\"alignnone wp-image-98\" src=\"http:\/\/www.kiefer-lerch.de\/wp-content\/uploads\/2016\/11\/21-G\u00fcnter-Kiefer-Lerch-1024x716.jpg\" alt=\"21-guenter-kiefer-lerch\" width=\"500\" height=\"350\" srcset=\"https:\/\/www.kiefer-lerch.de\/wp-content\/uploads\/2016\/11\/21-G\u00fcnter-Kiefer-Lerch-1024x716.jpg 1024w, https:\/\/www.kiefer-lerch.de\/wp-content\/uploads\/2016\/11\/21-G\u00fcnter-Kiefer-Lerch-300x210.jpg 300w, https:\/\/www.kiefer-lerch.de\/wp-content\/uploads\/2016\/11\/21-G\u00fcnter-Kiefer-Lerch-768x537.jpg 768w\" sizes=\"(max-width: 500px) 100vw, 500px\" \/><\/td>\n<td style=\"width: 457.2px;\">Titel: Gestrandet<\/p>\n<p>Gr\u00f6\u00dfe: 50 x 70 cm<\/p>\n<p>Art: Pastell &#8211; signiert<\/p>\n<p>Jahr: 2009<\/p>\n<p>Maler: G\u00fcnter Kiefer Lerch<\/td>\n<\/tr>\n<tr>\n<td style=\"width: 10px;\"><img decoding=\"async\" loading=\"lazy\" class=\"alignnone wp-image-99\" src=\"http:\/\/www.kiefer-lerch.de\/wp-content\/uploads\/2016\/11\/22-G\u00fcnter-Kiefer-Lerch-1024x744.jpg\" alt=\"22-guenter-kiefer-lerch\" width=\"500\" height=\"363\" srcset=\"https:\/\/www.kiefer-lerch.de\/wp-content\/uploads\/2016\/11\/22-G\u00fcnter-Kiefer-Lerch-1024x744.jpg 1024w, https:\/\/www.kiefer-lerch.de\/wp-content\/uploads\/2016\/11\/22-G\u00fcnter-Kiefer-Lerch-300x218.jpg 300w, https:\/\/www.kiefer-lerch.de\/wp-content\/uploads\/2016\/11\/22-G\u00fcnter-Kiefer-Lerch-768x558.jpg 768w\" sizes=\"(max-width: 500px) 100vw, 500px\" \/><\/td>\n<td style=\"width: 457.2px;\">Titel: Altes Geh\u00f6ft<\/p>\n<p>Gr\u00f6\u00dfe: 50 x 70 cm<\/p>\n<p>Art: Pastell &#8211; signiert<\/p>\n<p>Jahr: 2005<\/p>\n<p>Maler: G\u00fcnter Kiefer Lerch<\/td>\n<\/tr>\n<tr>\n<td style=\"width: 10px;\"><img decoding=\"async\" loading=\"lazy\" class=\"alignnone wp-image-100\" src=\"http:\/\/www.kiefer-lerch.de\/wp-content\/uploads\/2016\/11\/23-G\u00fcnter-Kiefer-Lerch-1024x736.jpg\" alt=\"23-guenter-kiefer-lerch\" width=\"500\" height=\"359\" srcset=\"https:\/\/www.kiefer-lerch.de\/wp-content\/uploads\/2016\/11\/23-G\u00fcnter-Kiefer-Lerch-1024x736.jpg 1024w, https:\/\/www.kiefer-lerch.de\/wp-content\/uploads\/2016\/11\/23-G\u00fcnter-Kiefer-Lerch-300x216.jpg 300w, https:\/\/www.kiefer-lerch.de\/wp-content\/uploads\/2016\/11\/23-G\u00fcnter-Kiefer-Lerch-768x552.jpg 768w\" sizes=\"(max-width: 500px) 100vw, 500px\" \/><\/td>\n<td style=\"width: 457.2px;\">Titel: Bunkerreste am Hohen Ufer &#8211; Althagen<\/p>\n<p>Gr\u00f6\u00dfe: 50 x 70 cm<\/p>\n<p>Art: Pastell &#8211; signiert<\/p>\n<p>Maler: G\u00fcnter Kiefer Lerch<\/td>\n<\/tr>\n<tr>\n<td style=\"width: 10px;\"><\/td>\n<td style=\"width: 457.2px;\"><\/td>\n<\/tr>\n<\/tbody>\n<\/table>\n<p><\/p>","protected":false},"excerpt":{"rendered":"<p>Here you will find a small selection of works by G\u00fcnter Kiefer Lerch (Benno) If you have a request for a picture, please contact: kontakt@kiefer-lerch.de Titel: Winterlandschaft Gr\u00f6\u00dfe: 50 x 70 cm Art: Pastell &#8211; signiert Jahr: 2003 Maler: G\u00fcnter Kiefer Lerch Titel: Adam + Eva Gr\u00f6\u00dfe: 37 x 45 cm Art: Pastell &#8211; signiert [&hellip;]<\/p>\n","protected":false},"author":1,"featured_media":0,"parent":0,"menu_order":3,"comment_status":"closed","ping_status":"closed","template":"","meta":[],"_links":{"self":[{"href":"https:\/\/www.kiefer-lerch.de\/en\/wp-json\/wp\/v2\/pages\/23"}],"collection":[{"href":"https:\/\/www.kiefer-lerch.de\/en\/wp-json\/wp\/v2\/pages"}],"about":[{"href":"https:\/\/www.kiefer-lerch.de\/en\/wp-json\/wp\/v2\/types\/page"}],"author":[{"embeddable":true,"href":"https:\/\/www.kiefer-lerch.de\/en\/wp-json\/wp\/v2\/users\/1"}],"replies":[{"embeddable":true,"href":"https:\/\/www.kiefer-lerch.de\/en\/wp-json\/wp\/v2\/comments?post=23"}],"version-history":[{"count":10,"href":"https:\/\/www.kiefer-lerch.de\/en\/wp-json\/wp\/v2\/pages\/23\/revisions"}],"predecessor-version":[{"id":303,"href":"https:\/\/www.kiefer-lerch.de\/en\/wp-json\/wp\/v2\/pages\/23\/revisions\/303"}],"wp:attachment":[{"href":"https:\/\/www.kiefer-lerch.de\/en\/wp-json\/wp\/v2\/media?parent=23"}],"curies":[{"name":"wp","href":"https:\/\/api.w.org\/{rel}","templated":true}]}}